{"id":53913,"date":"2021-09-22T11:32:27","date_gmt":"2021-09-22T09:32:27","guid":{"rendered":"https:\/\/www.linvosges-hotellerie.com\/unkategorisiert\/vorhang-eclipse\/"},"modified":"2021-09-22T11:32:27","modified_gmt":"2021-09-22T09:32:27","slug":"vorhang-eclipse","status":"publish","type":"product","link":"https:\/\/www.linvosges-hotellerie.com\/de\/die-dekoration\/vorhang\/vorhang-eclipse\/","title":{"rendered":"Vorhang Eclipse"},"content":{"rendered":"<p>Die Eclipse Vorh\u00e4nge sind in zwei zeitlosen Farben erh\u00e4ltlich, die zu jedem Interieur passen. Sie sind aus einem intelligenten Stoff gefertigt, der gleichzeitig feuerfest, verdunkelnd und akustisch ist, um Au\u00dfenger\u00e4usche zu isolieren und den Nachhall von Innenger\u00e4uschen zu d\u00e4mpfen.<\/p>\n<p>Die Abmessungen: 135cm breit \/ 260cm hoch<\/p>\n<p>Die Endbearbeitung :<\/p>\n<ul>\n<li>40 mm \u00d6senkopf, nickelfarben matt, mit Schalld\u00e4mpfer.<\/li>\n<li>8 cm tiefer Saum mit Bleispange auf jeder Seite.<\/li>\n<\/ul>\n<p>Die Pluspunkte:<\/p>\n<ul>\n<li>Schalld\u00e4mpfer reduzieren das Reibungsger\u00e4usch, erleichtern das Gleiten und sch\u00fctzen die Stange vor Kratzern.<\/li>\n<li>Die Bleistangen auf beiden Seiten unten beschweren den Vorhang, um einen sch\u00f6nen Fall zu gew\u00e4hrleisten und den Trapezeffekt zu begrenzen.<\/li>\n<li>Die Konfektionierung erfolgt in unserem Atelier in G\u00e9rardmer.<\/li>\n<\/ul>\n","protected":false},"excerpt":{"rendered":"<p>Maschinenw\u00e4sche bei 30\u00b0 Feinw\u00e4sche<br \/>\nChlor und Bleichmittel verboten<br \/>\nNicht maschinell trocknen<br \/>\nB\u00fcgeln bei einer Temperatur von bis zu 110\u00b0, ohne Dampf<br \/>\nNicht chemisch reinigen<\/p>\n<p>w o d n U<\/p>\n","protected":false},"featured_media":53915,"template":"","meta":{"_acf_changed":false},"label":[],"product_brand":[],"product_cat":[2471,2952],"product_tag":[],"gamme":[2951],"matiere":[1765],"class_list":{"0":"post-53913","1":"product","2":"type-product","3":"status-publish","4":"has-post-thumbnail","6":"product_cat-die-dekoration","7":"product_cat-vorhang","8":"pa_couleur-anthrazit","9":"pa_couleur-seil","10":"pa_dimensions-135x260-cm","11":"pa_grammage-380-grs-m","12":"pa_matiere-100-polyester-de","13":"gamme-eclipse-de","14":"matiere-polyester-de","16":"first","17":"instock","18":"taxable","19":"shipping-taxable","20":"purchasable","21":"product-type-variable","22":"has-default-attributes"},"acf":[],"df_price":113.5,"df_sale_price":"","df_regular_price":113.5,"df_image_link":"https:\/\/www.linvosges-hotellerie.com\/wp-content\/uploads\/2021\/09\/rideau-occultant-acoustique-eclipse-anthracite-hotel-professionnel-300x300.jpg","_links":{"self":[{"href":"https:\/\/www.linvosges-hotellerie.com\/de\/wp-json\/wp\/v2\/product\/53913","targetHints":{"allow":["GET"]}}],"collection":[{"href":"https:\/\/www.linvosges-hotellerie.com\/de\/wp-json\/wp\/v2\/product"}],"about":[{"href":"https:\/\/www.linvosges-hotellerie.com\/de\/wp-json\/wp\/v2\/types\/product"}],"wp:featuredmedia":[{"embeddable":true,"href":"https:\/\/www.linvosges-hotellerie.com\/de\/wp-json\/wp\/v2\/media\/53915"}],"wp:attachment":[{"href":"https:\/\/www.linvosges-hotellerie.com\/de\/wp-json\/wp\/v2\/media?parent=53913"}],"wp:term":[{"taxonomy":"label","embeddable":true,"href":"https:\/\/www.linvosges-hotellerie.com\/de\/wp-json\/wp\/v2\/label?post=53913"},{"taxonomy":"product_brand","embeddable":true,"href":"https:\/\/www.linvosges-hotellerie.com\/de\/wp-json\/wp\/v2\/product_brand?post=53913"},{"taxonomy":"product_cat","embeddable":true,"href":"https:\/\/www.linvosges-hotellerie.com\/de\/wp-json\/wp\/v2\/product_cat?post=53913"},{"taxonomy":"product_tag","embeddable":true,"href":"https:\/\/www.linvosges-hotellerie.com\/de\/wp-json\/wp\/v2\/product_tag?post=53913"},{"taxonomy":"gamme","embeddable":true,"href":"https:\/\/www.linvosges-hotellerie.com\/de\/wp-json\/wp\/v2\/gamme?post=53913"},{"taxonomy":"matiere","embeddable":true,"href":"https:\/\/www.linvosges-hotellerie.com\/de\/wp-json\/wp\/v2\/matiere?post=53913"}],"curies":[{"name":"wp","href":"https:\/\/api.w.org\/{rel}","templated":true}]}}