{"id":29818,"date":"2020-12-16T03:51:05","date_gmt":"2020-12-16T02:51:05","guid":{"rendered":"https:\/\/www.linvosges-hotellerie.com\/sin categor\u00eda\/sabana-bajera-faro-2\/"},"modified":"2026-04-17T00:08:11","modified_gmt":"2026-04-16T22:08:11","slug":"sabana-bajera-faro-2","status":"publish","type":"product","link":"https:\/\/www.linvosges-hotellerie.com\/es\/sin categor\u00eda\/sabana-bajera-faro-2\/","title":{"rendered":"S\u00e1bana bajera Faro"},"content":{"rendered":"<p>Suave al tacto y ligeramente arrugada, esta s\u00e1bana bajera est\u00e1 confeccionada con percal lavado de 200 hilos tejido con algod\u00f3n de fibras largas. No es necesario planchar. Material noble por excelencia, la fibra de algod\u00f3n es naturalmente c\u00f3moda y resistente.<\/p>\n<p>Dobladillo de la cabeza y los pies de 5 cm<br \/>\nHilo de color en el pie para identificar las distintas tallas y facilitar el cuidado y almacenamiento de tu ropa. Ahorro de tiempo para el personal de habitaciones y lavander\u00eda<\/p>\n<p>Colores de los cables seg\u00fan las dimensiones :<br \/>\n180&#215;310 : rojo<br \/>\n240&#215;310 : azul<br \/>\n280&#215;310 : verde<\/p>\n","protected":false},"excerpt":{"rendered":"<p>Lavar a m\u00e1quina a 40\u00b0.<br \/>\nProhibidos el cloro y los agentes blanqueadores<br \/>\nSecar en secadora a 60\u00b0.<br \/>\nPlanchado a una temperatura m\u00e1xima de 110\u00b0, sin vapor<br \/>\nProhibida la limpieza en seco<\/p>\n<p><span class=\"ginetex\">  8 o s n U  <\/span><\/p>\n","protected":false},"featured_media":29752,"template":"","meta":{"_acf_changed":false},"label":[],"product_brand":[],"product_cat":[],"product_tag":[],"gamme":[1702],"matiere":[1524],"class_list":{"0":"post-29818","1":"product","2":"type-product","3":"status-publish","4":"has-post-thumbnail","6":"pa_couleur-blanco","7":"pa_dimensions-180-310-cm","8":"pa_dimensions-240-310-cm","9":"pa_dimensions-270-310-cm","10":"pa_grammage-110grs-m","11":"pa_matiere-100-algodon","12":"gamme-faro-es","13":"matiere-algodon","15":"first","16":"instock","17":"sale","18":"taxable","19":"shipping-taxable","20":"purchasable","21":"product-type-variable","22":"has-default-attributes"},"acf":[],"df_price":30.16,"df_sale_price":"","df_regular_price":30.16,"df_image_link":"https:\/\/www.linvosges-hotellerie.com\/wp-content\/uploads\/2020\/12\/linge-de-lit-percale-lavee-faro-coton-110-grs-m2-hotel-professionnel-linvosges-hotellerie-2-300x300.jpg","_links":{"self":[{"href":"https:\/\/www.linvosges-hotellerie.com\/es\/wp-json\/wp\/v2\/product\/29818","targetHints":{"allow":["GET"]}}],"collection":[{"href":"https:\/\/www.linvosges-hotellerie.com\/es\/wp-json\/wp\/v2\/product"}],"about":[{"href":"https:\/\/www.linvosges-hotellerie.com\/es\/wp-json\/wp\/v2\/types\/product"}],"wp:featuredmedia":[{"embeddable":true,"href":"https:\/\/www.linvosges-hotellerie.com\/es\/wp-json\/wp\/v2\/media\/29752"}],"wp:attachment":[{"href":"https:\/\/www.linvosges-hotellerie.com\/es\/wp-json\/wp\/v2\/media?parent=29818"}],"wp:term":[{"taxonomy":"label","embeddable":true,"href":"https:\/\/www.linvosges-hotellerie.com\/es\/wp-json\/wp\/v2\/label?post=29818"},{"taxonomy":"product_brand","embeddable":true,"href":"https:\/\/www.linvosges-hotellerie.com\/es\/wp-json\/wp\/v2\/product_brand?post=29818"},{"taxonomy":"product_cat","embeddable":true,"href":"https:\/\/www.linvosges-hotellerie.com\/es\/wp-json\/wp\/v2\/product_cat?post=29818"},{"taxonomy":"product_tag","embeddable":true,"href":"https:\/\/www.linvosges-hotellerie.com\/es\/wp-json\/wp\/v2\/product_tag?post=29818"},{"taxonomy":"gamme","embeddable":true,"href":"https:\/\/www.linvosges-hotellerie.com\/es\/wp-json\/wp\/v2\/gamme?post=29818"},{"taxonomy":"matiere","embeddable":true,"href":"https:\/\/www.linvosges-hotellerie.com\/es\/wp-json\/wp\/v2\/matiere?post=29818"}],"curies":[{"name":"wp","href":"https:\/\/api.w.org\/{rel}","templated":true}]}}